{"id":73,"date":"2023-12-05T18:06:51","date_gmt":"2023-12-05T17:06:51","guid":{"rendered":"http:\/\/grand-luxe.org\/?page_id=73"},"modified":"2026-03-11T17:02:51","modified_gmt":"2026-03-11T16:02:51","slug":"structures-partenaires","status":"publish","type":"page","link":"https:\/\/grand-luxe.org\/index.php\/structures-partenaires\/","title":{"rendered":"Structures Partenaires"},"content":{"rendered":"<p>[vc_section][vc_row][vc_column][vc_column_text]<\/p>\n<h1 style=\"text-align: center;\"><strong>Structures Partenaires<br \/>\n<\/strong><\/h1>\n<p>[\/vc_column_text][\/vc_column][\/vc_row][vc_row][vc_column width=\u00a0\u00bb1\/3&Prime;]<div  class=\"wpb_content_element   clearfix\"><style type=\"text\/css\">#ut_am_69f52c864cdcd { opacity: 1; }#ut_am_wrap_69f52c864cdce .ut-image-gallery-item-caption-title h3 { letter-spacing: 0em; }#ut_am_wrap_69f52c864cdce .ut-gallery-slider-caption { font-weight: bold; }#ut_am_wrap_69f52c864cdce { text-align: left; }@media (min-width: 768px) and (max-width: 1024px) { #ut_am_wrap_69f52c864cdce { text-align: left !important; } }@media (max-width: 767px) { #ut_am_wrap_69f52c864cdce { text-align: center !important; } }<\/style><div id=\"ut_am_wrap_69f52c864cdce\" class=\"ut-image-gallery-image \"><div id=\"ut_reveal_69f52c864cdcf\"  data-appear-top-offset=\"auto\" class=\"ut-animated-image-item ut-image-gallery-item ut-animation-done \"><a class=\"ut-deactivated-link\" href=\"#\"><div class=\"ut-animated-image-zoom\"><img loading=\"lazy\" decoding=\"async\" class=\"ut-lazy skip-lazy ut-animated-image \"  id=\"ut_am_69f52c864cdcd\" src=\"data:image\/svg+xml;charset=utf-8,%3Csvg xmlns%3D'http%3A%2F%2Fwww.w3.org%2F2000%2Fsvg' viewBox%3D'0 0 568 414'%2F%3E\" data-src=\"https:\/\/grand-luxe.org\/wp-content\/uploads\/2025\/11\/LOGO-NEW.png\" width=\"568\" height=\"414\" alt=\"\"\/><\/div><\/a><\/div><\/div><\/div>[\/vc_column][vc_column width=\u00a0\u00bb1\/3&Prime;]<div  class=\"wpb_content_element   clearfix\"><style type=\"text\/css\">#ut_am_69f52c864d0db { opacity: 1; }#ut_am_wrap_69f52c864d0dc .ut-image-gallery-item-caption-title h3 { letter-spacing: 0em; }#ut_am_wrap_69f52c864d0dc .ut-gallery-slider-caption { font-weight: bold; }#ut_am_wrap_69f52c864d0dc { text-align: center; }@media (min-width: 768px) and (max-width: 1024px) { #ut_am_wrap_69f52c864d0dc { text-align: center !important; } }@media (max-width: 767px) { #ut_am_wrap_69f52c864d0dc { text-align: center !important; } }<\/style><div id=\"ut_am_wrap_69f52c864d0dc\" class=\"ut-image-gallery-image \"><div id=\"ut_reveal_69f52c864d0dd\"  data-appear-top-offset=\"auto\" class=\"ut-animated-image-item ut-image-gallery-item ut-animation-done \"><a class=\"ut-deactivated-link\" href=\"#\"><div class=\"ut-animated-image-zoom\"><img loading=\"lazy\" decoding=\"async\" class=\"ut-lazy skip-lazy ut-animated-image \"  id=\"ut_am_69f52c864d0db\" src=\"data:image\/svg+xml;charset=utf-8,%3Csvg xmlns%3D'http%3A%2F%2Fwww.w3.org%2F2000%2Fsvg' viewBox%3D'0 0 3508 844'%2F%3E\" data-src=\"https:\/\/grand-luxe.org\/wp-content\/uploads\/2024\/02\/5.3CL_LOGO_RVB_NOIR.jpg\" width=\"3508\" height=\"844\" alt=\"\"\/><\/div><\/a><\/div><\/div><\/div>[\/vc_column][vc_column width=\u00a0\u00bb1\/3&Prime;]<div  class=\"wpb_content_element   clearfix\"><style type=\"text\/css\">#ut_am_69f52c864d3a2 { opacity: 1; }#ut_am_wrap_69f52c864d3a3 .ut-image-gallery-item-caption-title h3 { letter-spacing: 0em; }#ut_am_wrap_69f52c864d3a3 .ut-gallery-slider-caption { font-weight: bold; }#ut_am_wrap_69f52c864d3a3 { text-align: left; }@media (min-width: 768px) and (max-width: 1024px) { #ut_am_wrap_69f52c864d3a3 { text-align: left !important; } }@media (max-width: 767px) { #ut_am_wrap_69f52c864d3a3 { text-align: center !important; } }<\/style><div id=\"ut_am_wrap_69f52c864d3a3\" class=\"ut-image-gallery-image \"><div id=\"ut_reveal_69f52c864d3a4\"  data-appear-top-offset=\"auto\" class=\"ut-animated-image-item ut-image-gallery-item ut-animation-done \"><a class=\"ut-deactivated-link\" href=\"#\"><div class=\"ut-animated-image-zoom\"><img loading=\"lazy\" decoding=\"async\" class=\"ut-lazy skip-lazy ut-animated-image \"  id=\"ut_am_69f52c864d3a2\" src=\"data:image\/svg+xml;charset=utf-8,%3Csvg xmlns%3D'http%3A%2F%2Fwww.w3.org%2F2000%2Fsvg' viewBox%3D'0 0 549 92'%2F%3E\" data-src=\"https:\/\/grand-luxe.org\/wp-content\/uploads\/2023\/12\/6.-Theater-Freiburg.png\" width=\"549\" height=\"92\" alt=\"\"\/><\/div><\/a><\/div><\/div><\/div>[\/vc_column][\/vc_row][vc_row][vc_column width=\u00a0\u00bb1\/3&Prime;][vc_column_text]<a href=\"https:\/\/labrigeneve.ch\/\">L\u2019Abri \u2013 Gen\u00e8ve<\/a><\/p>\n<p>L\u2019Abri \u2013 Gen\u00e8ve accompagne des artistes \u00e9mergent\u00b7e\u00b7x\u00b7s de tous les horizons dans leurs projets en mettant \u00e0 disposition des espaces, en organisant des rencontres avec des professionnel\u00b7le\u00b7x\u00b7s de diff\u00e9rents domaines, en mettant en place des \u00e9changes avec des structures et des artistes autant r\u00e9gionaux qu\u2019internationaux. Les enjeux sont multiples : cr\u00e9er des contextes propices \u00e0 la production et \u00e0 la coproduction, visibiliser les projets artistiques des Artistes Associ\u00e9\u00b7e\u00b7x\u00b7s et les aider \u00e0 diffuser leurs cr\u00e9ations.[\/vc_column_text][\/vc_column][vc_column width=\u00a0\u00bb1\/3&Prime;][vc_column_text]<a href=\"https:\/\/www.danse.lu\/\">TROIS C-L | Maison pour la danse <\/a><\/p>\n<p>En tant que centre pour la danse contemporaine au Luxembourg, le\u00a0TROIS C-L a pour vocation de soutenir les chor\u00e9graphes et danseurs professionnels en pla\u00e7ant la promotion et la diffusion au c\u0153ur de ses missions. Son action dans ce domaine vise \u00e0 la\u00a0mise en relation des artistes et des structures d\u2019accueil, facilitant ainsi la diffusion de leurs \u0153uvres chor\u00e9graphiques.[\/vc_column_text][\/vc_column][vc_column width=\u00a0\u00bb1\/3&Prime;][vc_column_text]<a href=\"https:\/\/theater.freiburg.de\/de_DE\/home\">Theater Freiburg<\/a><\/p>\n<p>Le d\u00e9partement danse du Th\u00e9\u00e2tre de Fribourg, th\u00e9\u00e2tre municipal pluridisciplinaire, accueil des artistes \u00e9trangers et coproduit des projets \u00e0 l\u2019\u00e9chelle internationale avec pour mission de montrer les diff\u00e9rentes facettes et formes d\u2019expression de la danse contemporaine sur sc\u00e8nes comme dans des lieux insolites. Situ\u00e9 dans le sud de l\u2019Allemagne, le Th\u00e9\u00e2tre de Fribourg y est l\u2019une des sc\u00e8nes les plus importantes pour la danse contemporaine. De plus, les artistes, les laboratoires corporels, les conf\u00e9rences, les s\u00e9ances de cin\u00e9ma ou encore les masterclasses propos\u00e9es offrent un vaste programme de m\u00e9diation autour de la danse.[\/vc_column_text][\/vc_column][\/vc_row][vc_row][vc_column width=\u00a0\u00bb1\/3&Prime;]<div  class=\"wpb_content_element   clearfix\"><style type=\"text\/css\">#ut_am_69f52c864d610 { opacity: 1; }#ut_am_wrap_69f52c864d611 .ut-image-gallery-item-caption-title h3 { letter-spacing: 0em; }#ut_am_wrap_69f52c864d611 .ut-gallery-slider-caption { font-weight: bold; }#ut_am_wrap_69f52c864d611 { text-align: left; }@media (min-width: 768px) and (max-width: 1024px) { #ut_am_wrap_69f52c864d611 { text-align: left !important; } }@media (max-width: 767px) { #ut_am_wrap_69f52c864d611 { text-align: center !important; } }<\/style><div id=\"ut_am_wrap_69f52c864d611\" class=\"ut-image-gallery-image \"><div id=\"ut_reveal_69f52c864d612\"  data-appear-top-offset=\"auto\" class=\"ut-animated-image-item ut-image-gallery-item ut-animation-done \"><a class=\"ut-deactivated-link\" href=\"#\"><div class=\"ut-animated-image-zoom\"><img loading=\"lazy\" decoding=\"async\" class=\"ut-lazy skip-lazy ut-animated-image \"  id=\"ut_am_69f52c864d610\" src=\"data:image\/svg+xml;charset=utf-8,%3Csvg xmlns%3D'http%3A%2F%2Fwww.w3.org%2F2000%2Fsvg' viewBox%3D'0 0 479 341'%2F%3E\" data-src=\"https:\/\/grand-luxe.org\/wp-content\/uploads\/2023\/12\/2.-ballet-de-loraine.png\" width=\"479\" height=\"341\" alt=\"\"\/><\/div><\/a><\/div><\/div><\/div>[\/vc_column][vc_column width=\u00a0\u00bb1\/3&Prime;]<div  class=\"wpb_content_element   clearfix\"><style type=\"text\/css\">#ut_am_69f52c864d86b { opacity: 1; }#ut_am_wrap_69f52c864d86c .ut-image-gallery-item-caption-title h3 { letter-spacing: 0em; }#ut_am_wrap_69f52c864d86c .ut-gallery-slider-caption { font-weight: bold; }#ut_am_wrap_69f52c864d86c { text-align: center; }@media (min-width: 768px) and (max-width: 1024px) { #ut_am_wrap_69f52c864d86c { text-align: center !important; } }@media (max-width: 767px) { #ut_am_wrap_69f52c864d86c { text-align: center !important; } }<\/style><div id=\"ut_am_wrap_69f52c864d86c\" class=\"ut-image-gallery-image \"><div id=\"ut_reveal_69f52c864d86d\"  data-appear-top-offset=\"auto\" class=\"ut-animated-image-item ut-image-gallery-item ut-animation-done \"><a class=\"ut-deactivated-link\" href=\"#\"><div class=\"ut-animated-image-zoom\"><img loading=\"lazy\" decoding=\"async\" class=\"ut-lazy skip-lazy ut-animated-image \"  id=\"ut_am_69f52c864d86b\" src=\"data:image\/svg+xml;charset=utf-8,%3Csvg xmlns%3D'http%3A%2F%2Fwww.w3.org%2F2000%2Fsvg' viewBox%3D'0 0 945 122'%2F%3E\" data-src=\"https:\/\/grand-luxe.org\/wp-content\/uploads\/2023\/12\/grandluxe-noir.png\" width=\"945\" height=\"122\" alt=\"\"\/><\/div><\/a><\/div><\/div><\/div>[\/vc_column][vc_column width=\u00a0\u00bb1\/3&Prime;]<div  class=\"wpb_content_element   clearfix\"><style type=\"text\/css\">#ut_am_69f52c864dabf { opacity: 1; }#ut_am_wrap_69f52c864dac0 .ut-image-gallery-item-caption-title h3 { letter-spacing: 0em; }#ut_am_wrap_69f52c864dac0 .ut-gallery-slider-caption { font-weight: bold; }#ut_am_wrap_69f52c864dac0 { text-align: left; }@media (min-width: 768px) and (max-width: 1024px) { #ut_am_wrap_69f52c864dac0 { text-align: left !important; } }@media (max-width: 767px) { #ut_am_wrap_69f52c864dac0 { text-align: center !important; } }<\/style><div id=\"ut_am_wrap_69f52c864dac0\" class=\"ut-image-gallery-image \"><div id=\"ut_reveal_69f52c864dac1\"  data-appear-top-offset=\"auto\" class=\"ut-animated-image-item ut-image-gallery-item ut-animation-done \"><a class=\"ut-deactivated-link\" href=\"#\"><div class=\"ut-animated-image-zoom\"><img loading=\"lazy\" decoding=\"async\" class=\"ut-lazy skip-lazy ut-animated-image \"  id=\"ut_am_69f52c864dabf\" src=\"data:image\/svg+xml;charset=utf-8,%3Csvg xmlns%3D'http%3A%2F%2Fwww.w3.org%2F2000%2Fsvg' viewBox%3D'0 0 911 537'%2F%3E\" data-src=\"https:\/\/grand-luxe.org\/wp-content\/uploads\/2025\/11\/Capture-decran-2025-11-17-a-15.01.26.png\" width=\"911\" height=\"537\" alt=\"\"\/><\/div><\/a><\/div><\/div><\/div>[\/vc_column][\/vc_row][vc_row][vc_column width=\u00a0\u00bb1\/3&Prime;][vc_column_text]<a href=\"https:\/\/ballet-de-lorraine.eu\/\">Ballet de Lorraine<\/a><\/p>\n<p>Il est pens\u00e9 comme le lieu de tous les possibles en mati\u00e8re de recherche, \u00a0d\u2019exp\u00e9rimentation et de cr\u00e9ation artistiques. Il se veut une plate-forme ouverte aux diff\u00e9rentes disciplines, un espace de rencontres des multiples visions de la danse d\u2019aujourd\u2019hui.\u00a0Le CCN \u2013 Ballet de Lorraine, et ses 26 danseurs, forment ainsi l\u2019une des compagnies chor\u00e9graphiques contemporaines de cr\u00e9ation et de r\u00e9pertoire les plus importantes d\u2019Europe, pr\u00e9sentant des \u0153uvres marquantes de chor\u00e9graphes majeurs.[\/vc_column_text][\/vc_column][vc_column width=\u00a0\u00bb1\/3&Prime;][vc_column_text]<a href=\"http:\/\/grandstudio.be\/\">Grandstudio<\/a><\/p>\n<p>Un outil de travail pour la danse ! Un studio, un conseiller \u00e0 la production et un conseiller \u00e0 la diffusion.<br \/>\nUn outil d\u2019accompagnement de cr\u00e9ations, de compagnies et de structures.<br \/>\nUn outil partag\u00e9 par une communaut\u00e9 chor\u00e9graphique contemporaine \u00e0 Bruxelles.<br \/>\nUne mise \u00e0 disposition gratuite de savoir-faire, de comp\u00e9tences et d\u2019encadrement de projets.<br \/>\nUn lieu d\u2019\u00e9change et de mise en r\u00e9seau[\/vc_column_text][\/vc_column][vc_column width=\u00a0\u00bb1\/3&Prime;][vc_column_text]<a href=\"https:\/\/www.operanationaldurhin.eu\/fr\" target=\"_blank\" rel=\"noopener\">Ballet de l\u2019Op\u00e9ra national du Rhin<\/a><\/p>\n<p>Le Ballet de l\u2019Op\u00e9ra national du Rhin a pour objectif, en tant que compagnie de r\u00e9pertoire, d\u2019apporter au public une culture chor\u00e9graphique et de la placer dans le contexte d\u2019un monde en perp\u00e9tuel mouvement. Et cela, en posant de mani\u00e8re vivante et contemporaine la question de la transmission par la pr\u00e9sentation d\u2019un certain nombre d\u2019\u0153uvres jalons du r\u00e9pertoire classique et contemporain, et par une production active de cr\u00e9ations. Elle veut ainsi t\u00e9moigner de la vari\u00e9t\u00e9 et de la richesse de cet art majeur qu\u2019est la danse et de son in\u00e9puisable vitalit\u00e9 et l\u2019ancrer pleinement dans le XXI\u00e8me si\u00e8cle.[\/vc_column_text][\/vc_column][\/vc_row][vc_row][vc_column width=\u00a0\u00bb1\/2&Prime;]<div  class=\"wpb_content_element   clearfix\"><style type=\"text\/css\">#ut_am_69f52c864dcf4 { opacity: 1; }#ut_am_wrap_69f52c864dcf5 .ut-image-gallery-item-caption-title h3 { letter-spacing: 0em; }#ut_am_wrap_69f52c864dcf5 .ut-gallery-slider-caption { font-weight: bold; }#ut_am_wrap_69f52c864dcf5 { text-align: left; }@media (min-width: 768px) and (max-width: 1024px) { #ut_am_wrap_69f52c864dcf5 { text-align: left !important; } }@media (max-width: 767px) { #ut_am_wrap_69f52c864dcf5 { text-align: center !important; } }<\/style><div id=\"ut_am_wrap_69f52c864dcf5\" class=\"ut-image-gallery-image \"><div id=\"ut_reveal_69f52c864dcf6\"  data-appear-top-offset=\"auto\" class=\"ut-animated-image-item ut-image-gallery-item ut-animation-done \"><a class=\"ut-deactivated-link\" href=\"#\"><div class=\"ut-animated-image-zoom\"><img loading=\"lazy\" decoding=\"async\" class=\"ut-lazy skip-lazy ut-animated-image \"  id=\"ut_am_69f52c864dcf4\" src=\"data:image\/svg+xml;charset=utf-8,%3Csvg xmlns%3D'http%3A%2F%2Fwww.w3.org%2F2000%2Fsvg' viewBox%3D'0 0 750 400'%2F%3E\" data-src=\"https:\/\/grand-luxe.org\/wp-content\/uploads\/2023\/12\/4.-Pole-Sud.webp\" width=\"750\" height=\"400\" alt=\"\"\/><\/div><\/a><\/div><\/div><\/div>[\/vc_column][vc_column width=\u00a0\u00bb1\/2&Prime;]<div  class=\"wpb_content_element   clearfix\"><style type=\"text\/css\">#ut_am_69f52c864df71 { opacity: 1; }#ut_am_wrap_69f52c864df72 .ut-image-gallery-item-caption-title h3 { letter-spacing: 0em; }#ut_am_wrap_69f52c864df72 .ut-gallery-slider-caption { font-weight: bold; }#ut_am_wrap_69f52c864df72 { text-align: left; }@media (min-width: 768px) and (max-width: 1024px) { #ut_am_wrap_69f52c864df72 { text-align: left !important; } }@media (max-width: 767px) { #ut_am_wrap_69f52c864df72 { text-align: center !important; } }<\/style><div id=\"ut_am_wrap_69f52c864df72\" class=\"ut-image-gallery-image \"><div id=\"ut_reveal_69f52c864df73\"  data-appear-top-offset=\"auto\" class=\"ut-animated-image-item ut-image-gallery-item ut-animation-done \"><a class=\"ut-deactivated-link\" href=\"#\"><div class=\"ut-animated-image-zoom\"><img loading=\"lazy\" decoding=\"async\" class=\"ut-lazy skip-lazy ut-animated-image \"  id=\"ut_am_69f52c864df71\" src=\"data:image\/svg+xml;charset=utf-8,%3Csvg xmlns%3D'http%3A%2F%2Fwww.w3.org%2F2000%2Fsvg' viewBox%3D'0 0 1328 299'%2F%3E\" data-src=\"https:\/\/grand-luxe.org\/wp-content\/uploads\/2026\/03\/Porto-CAMPUS-PCS-logos-2.png\" width=\"1328\" height=\"299\" alt=\"\"\/><\/div><\/a><\/div><\/div><\/div>[vc_column_text][\/vc_column_text][\/vc_column][\/vc_row][vc_row][vc_column width=\u00a0\u00bb1\/2&Prime;][vc_column_text]Install\u00e9 dans les quartiers sud de Strasbourg, POLE-SUD est un Centre de D\u00e9veloppement Chor\u00e9graphique National, un espace d\u00e9di\u00e9 \u00e0 la danse. Son programme conjugue \u00e0 la fois cr\u00e9ation, diffusion, r\u00e9sidences, centre de ressources mais aussi m\u00e9diation culturelle. Disposant d\u2019une salle de spectacle de 320 places, deux grands studios consacr\u00e9s \u00e0 l\u2019accueil d\u2019artistes en r\u00e9sidence et \u00e0 la formation, la structure s\u2019int\u00e9resse \u00e0 tous les courants actuels de la danse. Sa programmation annuelle fait la part belle \u00e0 l\u2019\u00e9mergence, la diversit\u00e9 des genres et des g\u00e9n\u00e9rations. Festivals, focus et danse dans l\u2019espace public compl\u00e8tent le dispositif. Un espace dynamique et ouvert sur la ville et ses habitants.[\/vc_column_text][\/vc_column][vc_column width=\u00a0\u00bb1\/2&Prime;][vc_column_text]<\/p>\n<p data-start=\"45\" data-end=\"413\">Inaugur\u00e9 en 2021, le <strong data-start=\"66\" data-end=\"109\">CAMPUS Paulo Cunha e Silva (CAMPUS PCS)<\/strong> est un centre de cr\u00e9ation et de pratique d\u00e9di\u00e9 aux arts de la sc\u00e8ne, situ\u00e9 \u00e0 Porto, sur le site de l\u2019ancienne \u00e9cole primaire Jos\u00e9 Gomes Ferreira.<br data-start=\"255\" data-end=\"258\" \/>Le projet repose sur trois piliers fondamentaux : des programmes de r\u00e9sidence, des pratiques quotidiennes et l\u2019utilisation des espaces sur r\u00e9servation.<\/p>\n<p data-start=\"420\" data-end=\"777\">Le CAMPUS PCS joue un r\u00f4le actif au sein de plusieurs r\u00e9seaux internationaux et a \u00e9tabli des partenariats avec d\u2019autres centres de cr\u00e9ation artistique d\u00e9di\u00e9s aux arts de la sc\u00e8ne. Il est g\u00e9r\u00e9 par le d\u00e9partement des arts de la sc\u00e8ne d\u2019\u00c1gora \u2013 Cultura e Desporto do Porto, en collaboration avec le Teatro Municipal do Porto et le DDD \u2013 Festival Dias da Dan\u00e7a.<\/p>\n<p>[\/vc_column_text][\/vc_column][\/vc_row][\/vc_section]<\/p>\n","protected":false},"excerpt":{"rendered":"<p>[vc_section][vc_row][vc_column][vc_column_text] Structures Partenaires [\/vc_column_text][\/vc_column][\/vc_row][vc_row][vc_column width=\u00a0\u00bb1\/3&Prime;][\/vc_column][vc_column width=\u00a0\u00bb1\/3&Prime;][\/vc_column][vc_column width=\u00a0\u00bb1\/3&Prime;][\/vc_column][\/vc_row][vc_row][vc_column width=\u00a0\u00bb1\/3&Prime;][vc_column_text]L\u2019Abri \u2013 Gen\u00e8ve L\u2019Abri \u2013 Gen\u00e8ve accompagne des artistes \u00e9mergent\u00b7e\u00b7x\u00b7s de tous les horizons dans leurs projets en mettant \u00e0 disposition des espaces, en organisant des rencontres avec des professionnel\u00b7le\u00b7x\u00b7s de diff\u00e9rents domaines, en mettant en place des \u00e9changes avec des structures et des artistes autant r\u00e9gionaux qu\u2019internationaux. [&hellip;]<\/p>\n","protected":false},"author":1,"featured_media":0,"parent":0,"menu_order":0,"comment_status":"closed","ping_status":"closed","template":"","meta":{"footnotes":""},"class_list":["post-73","page","type-page","status-publish","hentry"],"_links":{"self":[{"href":"https:\/\/grand-luxe.org\/index.php\/wp-json\/wp\/v2\/pages\/73","targetHints":{"allow":["GET"]}}],"collection":[{"href":"https:\/\/grand-luxe.org\/index.php\/wp-json\/wp\/v2\/pages"}],"about":[{"href":"https:\/\/grand-luxe.org\/index.php\/wp-json\/wp\/v2\/types\/page"}],"author":[{"embeddable":true,"href":"https:\/\/grand-luxe.org\/index.php\/wp-json\/wp\/v2\/users\/1"}],"replies":[{"embeddable":true,"href":"https:\/\/grand-luxe.org\/index.php\/wp-json\/wp\/v2\/comments?post=73"}],"version-history":[{"count":30,"href":"https:\/\/grand-luxe.org\/index.php\/wp-json\/wp\/v2\/pages\/73\/revisions"}],"predecessor-version":[{"id":701,"href":"https:\/\/grand-luxe.org\/index.php\/wp-json\/wp\/v2\/pages\/73\/revisions\/701"}],"wp:attachment":[{"href":"https:\/\/grand-luxe.org\/index.php\/wp-json\/wp\/v2\/media?parent=73"}],"curies":[{"name":"wp","href":"https:\/\/api.w.org\/{rel}","templated":true}]}}