{"id":251,"date":"2023-12-12T23:22:27","date_gmt":"2023-12-12T22:22:27","guid":{"rendered":"http:\/\/grand-luxe.org\/?page_id=251"},"modified":"2025-11-12T12:16:33","modified_gmt":"2025-11-12T11:16:33","slug":"2021-choreographers","status":"publish","type":"page","link":"https:\/\/grand-luxe.org\/index.php\/en\/2021-choreographers\/","title":{"rendered":"2022-2023 Choreographers"},"content":{"rendered":"<p>[vc_section][vc_row][vc_column][vc_column_text]<\/p>\n<h1 style=\"text-align: center;\"><strong>2022-2023 Choreographers<br \/>\n<\/strong><\/h1>\n<p>[\/vc_column_text][\/vc_column][\/vc_row][vc_row][vc_column width=\u00a0\u00bb1\/3&Prime;]<div  class=\"wpb_content_element   clearfix\"><style type=\"text\/css\">#ut_am_69ef960158801 { opacity: 1; }#ut_am_wrap_69ef960158802 .ut-image-gallery-item-caption-title h3 { letter-spacing: 0em; }#ut_am_wrap_69ef960158802 .ut-gallery-slider-caption { font-weight: bold; }#ut_am_wrap_69ef960158802 { text-align: left; }@media (min-width: 768px) and (max-width: 1024px) { #ut_am_wrap_69ef960158802 { text-align: left !important; } }@media (max-width: 767px) { #ut_am_wrap_69ef960158802 { text-align: center !important; } }<\/style><div id=\"ut_am_wrap_69ef960158802\" class=\"ut-image-gallery-image \"><div id=\"ut_reveal_69ef960158803\"  data-appear-top-offset=\"auto\" class=\"ut-animated-image-item ut-image-gallery-item ut-animation-done \"><a class=\"ut-deactivated-link\" href=\"#\"><div class=\"ut-animated-image-zoom\"><img loading=\"lazy\" decoding=\"async\" class=\"ut-lazy skip-lazy ut-animated-image \"  id=\"ut_am_69ef960158801\" src=\"data:image\/svg+xml;charset=utf-8,%3Csvg xmlns%3D'http%3A%2F%2Fwww.w3.org%2F2000%2Fsvg' viewBox%3D'0 0 945 1322'%2F%3E\" data-src=\"https:\/\/grand-luxe.org\/wp-content\/uploads\/2023\/12\/baptiste-cazaux-945x1322.png\" width=\"945\" height=\"1322\" alt=\"\"\/><\/div><\/a><\/div><\/div><\/div>[vc_column_text]Baptiste Cazaux<\/p>\n<p><em>Supported by L&rsquo;Abri<\/em><\/p>\n<p>Baptiste Cazaux trained in classical dance in Biarritz, before joining the Ballet Junior de Gen\u00e8ve in 2015 under the direction of Sean Wood and Patrice Delay. There he danced in works by Olivier Dubois, Barak Marshall, Roy Assaf, Sharon Eyal and Thomas Hauert. He now presents his work at festivals such as Les Printemps de Sevelin (Lausanne), far\u00b0 (Nyon), the Pavillon ADC as part of Emergentia, a platform dedicated to emerging choreographic creation, and at La B\u00e2tie. During the 2020-2021 season, he will be an associate artist at L&rsquo;Abri-Gen\u00e8ve. In 2021, he will be dancing in Jan Martens&rsquo; latest creation, any attempt will end in crushed bodies and shattered bones (Festival d&rsquo;Avignon, Festival de la B\u00e2tie) and Ayelen Parolin&rsquo;s Weg (Charleroi Danses, Printemps de Sevelin).<br \/>\nHe created GIMME A BREAK!!! in September 2023 at La B\u00e2tie &#8211; Festival de Gen\u00e8ve, for which he benefited from the residencies of the R\u00e9seau Grand Luxe.<\/p>\n<p><a href=\"https:\/\/labrigeneve.ch\/artistes\/baptiste-cazaux?season=20-21\">Learn more<\/a>[\/vc_column_text][\/vc_column][vc_column width=\u00a0\u00bb1\/3&Prime;]<div  class=\"wpb_content_element   clearfix\"><style type=\"text\/css\">#ut_am_69ef96015945f { opacity: 1; }#ut_am_wrap_69ef960159460 .ut-image-gallery-item-caption-title h3 { letter-spacing: 0em; }#ut_am_wrap_69ef960159460 .ut-gallery-slider-caption { font-weight: bold; }#ut_am_wrap_69ef960159460 { text-align: left; }@media (min-width: 768px) and (max-width: 1024px) { #ut_am_wrap_69ef960159460 { text-align: left !important; } }@media (max-width: 767px) { #ut_am_wrap_69ef960159460 { text-align: center !important; } }<\/style><div id=\"ut_am_wrap_69ef960159460\" class=\"ut-image-gallery-image \"><div id=\"ut_reveal_69ef960159461\"  data-appear-top-offset=\"auto\" class=\"ut-animated-image-item ut-image-gallery-item ut-animation-done \"><a class=\"ut-deactivated-link\" href=\"#\"><div class=\"ut-animated-image-zoom\"><img loading=\"lazy\" decoding=\"async\" class=\"ut-lazy skip-lazy ut-animated-image \"  id=\"ut_am_69ef96015945f\" src=\"data:image\/svg+xml;charset=utf-8,%3Csvg xmlns%3D'http%3A%2F%2Fwww.w3.org%2F2000%2Fsvg' viewBox%3D'0 0 945 1322'%2F%3E\" data-src=\"https:\/\/grand-luxe.org\/wp-content\/uploads\/2023\/12\/Georges-Maikel-945x1322.png\" width=\"945\" height=\"1322\" alt=\"\"\/><\/div><\/a><\/div><\/div><\/div>[vc_column_text]Georges Maikel<\/p>\n<p><em>Supported by TROIS C-L<\/em><\/p>\n<p>Georges Maikel Pires Monteiro completed his training at the Conservatoire de la Ville de Luxembourg before joining the SEEDs professional integration unit, run by the CobosMika company. In Spain, he has worked with Roberto Olivan, Jorge J\u00e1uregui, Thomas Noone, the CobosMika company and Cie Pr\u00c4k. In the Greater Region, he works with a range of choreographers and directors including Bernard Baumgarten, Corps In Situ, L\u00e9a Tirabasso, Filament, AWA &#8211; As We Are, Hannah Ma, Larisa Faber, Catherine Elsen, Fr\u00e9d\u00e9rique Colling, Sally Meres, Anne Simon and Elisabeth Schilling. He has also collaborated with singers and musicians such as EDSUN, CHAiLD, Michel Meis, Bartleby Delicate, Magnus &amp; John, Josh Island and Kitshickers, as well as with visual artists Cecillia Tripp, Olivia Bourdeau and Nora Wagner. In the course of his career, Georges Maikel has created fest alongside dancer and choreographer Piera Jovic, the solo !MAKi!? and, in 2020, It Gets Better, a dance video which won him the Dance from Home competition. Today, Georges Maikel is working on his new creation entitled My Cat Is A Unicorn.<\/p>\n<p><a href=\"https:\/\/www.danse.lu\/artistes\/georges-maikel-pires-monteiro\">danse.lu\/artistes\/georges-maikel-pires-monteiro\/<\/a>[\/vc_column_text][\/vc_column][vc_column width=\u00a0\u00bb1\/3&Prime;]<div  class=\"wpb_content_element   clearfix\"><style type=\"text\/css\">#ut_am_69ef960159ee7 { opacity: 1; }#ut_am_wrap_69ef960159ee8 .ut-image-gallery-item-caption-title h3 { letter-spacing: 0em; }#ut_am_wrap_69ef960159ee8 .ut-gallery-slider-caption { font-weight: bold; }#ut_am_wrap_69ef960159ee8 { text-align: left; }@media (min-width: 768px) and (max-width: 1024px) { #ut_am_wrap_69ef960159ee8 { text-align: left !important; } }@media (max-width: 767px) { #ut_am_wrap_69ef960159ee8 { text-align: center !important; } }<\/style><div id=\"ut_am_wrap_69ef960159ee8\" class=\"ut-image-gallery-image \"><div id=\"ut_reveal_69ef960159ee9\"  data-appear-top-offset=\"auto\" class=\"ut-animated-image-item ut-image-gallery-item ut-animation-done \"><a class=\"ut-deactivated-link\" href=\"#\"><div class=\"ut-animated-image-zoom\"><img loading=\"lazy\" decoding=\"async\" class=\"ut-lazy skip-lazy ut-animated-image \"  id=\"ut_am_69ef960159ee7\" src=\"data:image\/svg+xml;charset=utf-8,%3Csvg xmlns%3D'http%3A%2F%2Fwww.w3.org%2F2000%2Fsvg' viewBox%3D'0 0 945 1322'%2F%3E\" data-src=\"https:\/\/grand-luxe.org\/wp-content\/uploads\/2023\/12\/Akiko-Hasegawa-945x1322.png\" width=\"945\" height=\"1322\" alt=\"\"\/><\/div><\/a><\/div><\/div><\/div>[vc_column_text]Akiko Hasegawa<\/p>\n<p><em>Supported by POLE SUD &#8211; CDCN de Strasbourg<\/em><\/p>\n<p>Originally from Japan, Akiko Hasegawa studied at the College of Art Nihon University in Tokyo before moving to France in 1994 to continue her dance training at the CNDC in Angers. She went on to develop her career as a performer with a number of choreographers (Bernardo Montet, Carlotta Ikeda, Christian Bourigault, Suzanne Buirge, Catherine Diverr\u00e8s, etc.) and also worked with various directors (Anne Th\u00e9ron, Beno\u00eet Bradel, Pauline Ringeade, etc.). Alongside her artistic activities, she also runs dance workshops in schools and hospitals. As a teacher, she teaches at the Conservatoire de Strasbourg and in the preparatory class for the competitive drama schools at the Filature de Mulhouse and the TNS. In 2019, she decided to launch her creative career and presented \u00ab\u00a0Les va-et-vient des Mus\u00e9es\u00a0\u00bb in Strasbourg, a duo performance with violinist Aline Zeller to music by Annette Schl\u00fcntz. She went on to found her own company, Koko, and began her research into states of the body with the solo Har\u00e9 Dance. She is continuing this work in her next project, the title of which is still to be announced.[\/vc_column_text][\/vc_column][\/vc_row][vc_row][vc_column width=\u00a0\u00bb1\/3&Prime;]<div  class=\"wpb_content_element   clearfix\"><style type=\"text\/css\">#ut_am_69ef96015aa98 { opacity: 1; }#ut_am_wrap_69ef96015aa99 .ut-image-gallery-item-caption-title h3 { letter-spacing: 0em; }#ut_am_wrap_69ef96015aa99 .ut-gallery-slider-caption { font-weight: bold; }#ut_am_wrap_69ef96015aa99 { text-align: left; }@media (min-width: 768px) and (max-width: 1024px) { #ut_am_wrap_69ef96015aa99 { text-align: left !important; } }@media (max-width: 767px) { #ut_am_wrap_69ef96015aa99 { text-align: center !important; } }<\/style><div id=\"ut_am_wrap_69ef96015aa99\" class=\"ut-image-gallery-image \"><div id=\"ut_reveal_69ef96015aa9a\"  data-appear-top-offset=\"auto\" class=\"ut-animated-image-item ut-image-gallery-item ut-animation-done \"><a class=\"ut-deactivated-link\" href=\"#\"><div class=\"ut-animated-image-zoom\"><img loading=\"lazy\" decoding=\"async\" class=\"ut-lazy skip-lazy ut-animated-image \"  id=\"ut_am_69ef96015aa98\" src=\"data:image\/svg+xml;charset=utf-8,%3Csvg xmlns%3D'http%3A%2F%2Fwww.w3.org%2F2000%2Fsvg' viewBox%3D'0 0 945 1322'%2F%3E\" data-src=\"https:\/\/grand-luxe.org\/wp-content\/uploads\/2023\/12\/Claire-Hurpeaux-945x1322.png\" width=\"945\" height=\"1322\" alt=\"\"\/><\/div><\/a><\/div><\/div><\/div>[vc_column_text]Claire Hurpeau<\/p>\n<p><em>Supported by the Ballet de l&rsquo;Op\u00e9ra national du Rhin &#8211; CNN de Mulhouse<\/em><\/p>\n<p>A dancer, choreographer and movement teacher from Strasbourg, Claire Hurpeau began studying contemporary dance in 2005. Since then, she has nurtured her contemporary dance practice through contact-improvisation, but\u00f4, theatre clowning and somatic techniques. From the outset, she has developed an exploratory relationship with movement, in search of its many possibilities and a body language all her own. After training in dance at the Bewegungs-art school in Freiburg (Germany), she has been developing the activities of the Muutos company in Alsace since 2015. Since 2013, she has performed and collaborated with a number of artists including Sasha Waltz and the But\u00f4 choreographer Gyohei Za\u00eftsu, as well as Mark Tompkins, Alice Laloy and the companies Hors Champ \/\/ Fuera de Campo and D\u00e9gad\u00e9zo. In 2020 she began training in infant motor development, as part of Bonnie Bainbridge Cohen&rsquo;s Body Mind Centering\u00ae somatic approach.<\/p>\n<p><a href=\"https:\/\/www.clairehurpeau.com\/\">clairehurpeau.com\/<\/a>[\/vc_column_text][\/vc_column][vc_column width=\u00a0\u00bb1\/3&Prime;]<div  class=\"wpb_content_element   clearfix\"><style type=\"text\/css\">#ut_am_69ef96015ad6e { opacity: 1; }#ut_am_wrap_69ef96015ad6f .ut-image-gallery-item-caption-title h3 { letter-spacing: 0em; }#ut_am_wrap_69ef96015ad6f .ut-gallery-slider-caption { font-weight: bold; }#ut_am_wrap_69ef96015ad6f { text-align: left; }@media (min-width: 768px) and (max-width: 1024px) { #ut_am_wrap_69ef96015ad6f { text-align: left !important; } }@media (max-width: 767px) { #ut_am_wrap_69ef96015ad6f { text-align: center !important; } }<\/style><div id=\"ut_am_wrap_69ef96015ad6f\" class=\"ut-image-gallery-image \"><div id=\"ut_reveal_69ef96015ad70\"  data-appear-top-offset=\"auto\" class=\"ut-animated-image-item ut-image-gallery-item ut-animation-done \"><a class=\"ut-deactivated-link\" href=\"#\"><div class=\"ut-animated-image-zoom\"><img loading=\"lazy\" decoding=\"async\" class=\"ut-lazy skip-lazy ut-animated-image \"  id=\"ut_am_69ef96015ad6e\" src=\"data:image\/svg+xml;charset=utf-8,%3Csvg xmlns%3D'http%3A%2F%2Fwww.w3.org%2F2000%2Fsvg' viewBox%3D'0 0 945 1416'%2F%3E\" data-src=\"https:\/\/grand-luxe.org\/wp-content\/uploads\/2023\/12\/Anna-Nowicka.png\" width=\"945\" height=\"1416\" alt=\"\"\/><\/div><\/a><\/div><\/div><\/div>[vc_column_text]Anna Nowicka<\/p>\n<p><em>Supported by Theater Freiburg<\/em><\/p>\n<p>Anna Nowicka is a Berlin-based choreographer who works with dreams and the embodied imagination. She seeks to unfold the body as a resourceful entity, alive, always in motion, capable of being reactive and present. A graduate of the Salzburg Experimental Dance Academy (SEAD), an MA in Choreography at the HfS Ernst-Busch \/ HZT in Berlin and an MA in Psychology at the University of Warsaw, she wrote her practice-based PhD on embodied consciousness as the foundation of presence at the Polish Film School in \u0141\u00f3d\u017a. She is a certified Saphire\u00ae teacher from Catherine Shainberg&rsquo;s Image School. Currently, Anna&rsquo;s physical practice is supported by the Tanzpraxis grant from the city of Berlin.<\/p>\n<p><a href=\"https:\/\/annanowicka.com\/\">annanowicka.com\/<\/a>[\/vc_column_text][\/vc_column][vc_column width=\u00a0\u00bb1\/3&Prime;]<div  class=\"wpb_content_element   clearfix\"><style type=\"text\/css\">#ut_am_69ef96015b7ad { opacity: 1; }#ut_am_wrap_69ef96015b7ae .ut-image-gallery-item-caption-title h3 { letter-spacing: 0em; }#ut_am_wrap_69ef96015b7ae .ut-gallery-slider-caption { font-weight: bold; }#ut_am_wrap_69ef96015b7ae { text-align: left; }@media (min-width: 768px) and (max-width: 1024px) { #ut_am_wrap_69ef96015b7ae { text-align: left !important; } }@media (max-width: 767px) { #ut_am_wrap_69ef96015b7ae { text-align: center !important; } }<\/style><div id=\"ut_am_wrap_69ef96015b7ae\" class=\"ut-image-gallery-image \"><div id=\"ut_reveal_69ef96015b7af\"  data-appear-top-offset=\"auto\" class=\"ut-animated-image-item ut-image-gallery-item ut-animation-done \"><a class=\"ut-deactivated-link\" href=\"#\"><div class=\"ut-animated-image-zoom\"><img loading=\"lazy\" decoding=\"async\" class=\"ut-lazy skip-lazy ut-animated-image \"  id=\"ut_am_69ef96015b7ad\" src=\"data:image\/svg+xml;charset=utf-8,%3Csvg xmlns%3D'http%3A%2F%2Fwww.w3.org%2F2000%2Fsvg' viewBox%3D'0 0 945 1322'%2F%3E\" data-src=\"https:\/\/grand-luxe.org\/wp-content\/uploads\/2023\/12\/Konstantinos-Papanikolaou-945x1322.png\" width=\"945\" height=\"1322\" alt=\"\"\/><\/div><\/a><\/div><\/div><\/div>[vc_column_text]Konstantinos Papanikolaou<\/p>\n<p><em>Soutenu par\u00a0Onassis\u00a0\u2013\u00a0Stegis<\/em><\/p>\n<p>Konstantinos Papanikolaou graduated from the Master\u2019s dance program of Paris XIII. He has collaborated internationally with Gerard &amp; Kelly, and \u039flivier Marguerit, has taken part in Munich, Lyon, and Birmingham\u2019s Biennales, and has also performed at Centre Pompidou, Paris; Hellerau, Dresden; The Place, London; and Mercat des Flors, Barcelona. In Greece, he has worked, among others, with the choreographers Patricia Apergi, Mariela Nestora, Tzeni Argyriou, Aria Boubaki, \u2018Prolet OCD,\u2019 and \u2018Stereo Nero.\u2019 Konstantinos has worked as a choreographer in theater plays, collaborating with Argiris Pandazaras, Circe Karali, Eleni Efthimiou, Lilly Meleme, Eleftherios Veniadis et al. In 2020, he choreographed and performed his solo, \u201cTonight and Every Night,\u201d at the Arc for Dance Festival.<\/p>\n<p>In 2021, he created his filmed lecture-performance \u201cThe Diving Horse and Other Mythologies\u201d (commissioned and produced by Onassis Stegi) as part of the Onassis NEW CHOREOGRAPHERS FESTIVAL 8, presented in an on-line premiere at the Onassis YouTube channel in March of the same year.<\/p>\n<p>In March 2022 he will present his latest stage creation as part of the Onassis New Choreographers Festival 9, commissioned and produced by Onassis Stegi.<\/p>\n<p><a href=\"https:\/\/www.onassis.org\/people\/konstantinos-papanikolaou\" target=\"_blank\" rel=\"noopener\">Learn more<\/a>[\/vc_column_text][\/vc_column][\/vc_row][vc_row][vc_column width=\u00a0\u00bb1\/3&Prime;]<div  class=\"wpb_content_element   clearfix\"><style type=\"text\/css\">#ut_am_69ef96015c31c { opacity: 1; }#ut_am_wrap_69ef96015c31d .ut-image-gallery-item-caption-title h3 { letter-spacing: 0em; }#ut_am_wrap_69ef96015c31d .ut-gallery-slider-caption { font-weight: bold; }#ut_am_wrap_69ef96015c31d { text-align: left; }@media (min-width: 768px) and (max-width: 1024px) { #ut_am_wrap_69ef96015c31d { text-align: left !important; } }@media (max-width: 767px) { #ut_am_wrap_69ef96015c31d { text-align: center !important; } }<\/style><div id=\"ut_am_wrap_69ef96015c31d\" class=\"ut-image-gallery-image \"><div id=\"ut_reveal_69ef96015c31e\"  data-appear-top-offset=\"auto\" class=\"ut-animated-image-item ut-image-gallery-item ut-animation-done \"><a class=\"ut-deactivated-link\" href=\"#\"><div class=\"ut-animated-image-zoom\"><img loading=\"lazy\" decoding=\"async\" class=\"ut-lazy skip-lazy ut-animated-image \"  id=\"ut_am_69ef96015c31c\" src=\"data:image\/svg+xml;charset=utf-8,%3Csvg xmlns%3D'http%3A%2F%2Fwww.w3.org%2F2000%2Fsvg' viewBox%3D'0 0 945 1322'%2F%3E\" data-src=\"https:\/\/grand-luxe.org\/wp-content\/uploads\/2023\/12\/Angela-Rabaglio-et-Micael-Florentz-945x1322.png\" width=\"945\" height=\"1322\" alt=\"\"\/><\/div><\/a><\/div><\/div><\/div>[\/vc_column][vc_column width=\u00a0\u00bb1\/3&Prime;]<div  class=\"wpb_content_element   clearfix\"><style type=\"text\/css\">#ut_am_69ef96015ce14 { opacity: 1; }#ut_am_wrap_69ef96015ce15 .ut-image-gallery-item-caption-title h3 { letter-spacing: 0em; }#ut_am_wrap_69ef96015ce15 .ut-gallery-slider-caption { font-weight: bold; }#ut_am_wrap_69ef96015ce15 { text-align: left; }@media (min-width: 768px) and (max-width: 1024px) { #ut_am_wrap_69ef96015ce15 { text-align: left !important; } }@media (max-width: 767px) { #ut_am_wrap_69ef96015ce15 { text-align: center !important; } }<\/style><div id=\"ut_am_wrap_69ef96015ce15\" class=\"ut-image-gallery-image \"><div id=\"ut_reveal_69ef96015ce16\"  data-appear-top-offset=\"auto\" class=\"ut-animated-image-item ut-image-gallery-item ut-animation-done \"><a class=\"ut-deactivated-link\" href=\"#\"><div class=\"ut-animated-image-zoom\"><img loading=\"lazy\" decoding=\"async\" class=\"ut-lazy skip-lazy ut-animated-image \"  id=\"ut_am_69ef96015ce14\" src=\"data:image\/svg+xml;charset=utf-8,%3Csvg xmlns%3D'http%3A%2F%2Fwww.w3.org%2F2000%2Fsvg' viewBox%3D'0 0 945 1322'%2F%3E\" data-src=\"https:\/\/grand-luxe.org\/wp-content\/uploads\/2023\/12\/Micael-Florentz-945x1322.png\" width=\"945\" height=\"1322\" alt=\"\"\/><\/div><\/a><\/div><\/div><\/div>[\/vc_column][vc_column width=\u00a0\u00bb1\/3&Prime;]<div  class=\"wpb_content_element   clearfix\"><style type=\"text\/css\">#ut_am_69ef96015d791 { opacity: 1; }#ut_am_wrap_69ef96015d792 .ut-image-gallery-item-caption-title h3 { letter-spacing: 0em; }#ut_am_wrap_69ef96015d792 .ut-gallery-slider-caption { font-weight: bold; }#ut_am_wrap_69ef96015d792 { text-align: left; }@media (min-width: 768px) and (max-width: 1024px) { #ut_am_wrap_69ef96015d792 { text-align: left !important; } }@media (max-width: 767px) { #ut_am_wrap_69ef96015d792 { text-align: center !important; } }<\/style><div id=\"ut_am_wrap_69ef96015d792\" class=\"ut-image-gallery-image \"><div id=\"ut_reveal_69ef96015d793\"  data-appear-top-offset=\"auto\" class=\"ut-animated-image-item ut-image-gallery-item ut-animation-done \"><a class=\"ut-deactivated-link\" href=\"#\"><div class=\"ut-animated-image-zoom\"><img loading=\"lazy\" decoding=\"async\" class=\"ut-lazy skip-lazy ut-animated-image \"  id=\"ut_am_69ef96015d791\" src=\"data:image\/svg+xml;charset=utf-8,%3Csvg xmlns%3D'http%3A%2F%2Fwww.w3.org%2F2000%2Fsvg' viewBox%3D'0 0 945 1322'%2F%3E\" data-src=\"https:\/\/grand-luxe.org\/wp-content\/uploads\/2023\/12\/simonfeltz-945x1322.png\" width=\"945\" height=\"1322\" alt=\"\"\/><\/div><\/a><\/div><\/div><\/div>[\/vc_column][\/vc_row][vc_row][vc_column width=\u00a0\u00bb2\/3&Prime;][vc_column_text]Cie Tumbleweed<\/p>\n<p><em>Supported by Grand Studio, Brussels<\/em><\/p>\n<p>Angela Rabaglio is an independent dancer and choreographer of Swiss origin living in Brussels. She trained as a dancer at the AHK in Amsterdam (d obtained her Bachelor&rsquo;s degree in contemporary dance in 2013. She then created her first Solo wind-up birds and polaroids, which she performed at several festivals in Europe. Angela danced for several years with Compagnie Alias, and more recently she has been working with Jasmine Morand and collaborating with various artists as an outside eye. Drawing on different influences in dance and other sources of movement inspiration (martial arts, climbing, yoga, dabk\u00e9, etc.), she also teaches workshops and classes for young people and adults. She also gives workshops and classes for (semi-)professional dancers, circus students and children.<\/p>\n<p><a href=\"https:\/\/cietumbleweed.com\" target=\"_blank\" rel=\"noopener\">cietumbleweed.com<\/a>[\/vc_column_text][\/vc_column][vc_column width=\u00a0\u00bb1\/3&Prime;][vc_column_text]Simon Feltz<\/p>\n<p><em>Supported by\u00a0 CCN \u2013 Ballet de Lorraine<\/em><\/p>\n<p>Simon Feltz est n\u00e9\u00a0en 1990 \u00e0 Luneville. Apr\u00e8s avoir \u00e9tudi\u00e9 au conservatoire national de danse de Strasbourg puis au jeune ballet de l&rsquo;\u00e9cole sup\u00e9rieure de danse de Cannes Rosella Hightower\u00a0il int\u00e8gre la compagnie am\u00e9ricaine Alonzo King Lines Ballet en 2010.<\/p>\n<p>En 2011, il rejoint le ballet de l&rsquo;op\u00e9ra de Lyon o\u00f9 il s&rsquo;essaie\u00a0\u00e0 un vaste r\u00e9pertoire. Simon danse\u00a0de nombreuses pi\u00e8ces dont\u00a0<em>Second detail, Work within work, Steptext, One flat thing reproduced, Limb&rsquo;s theorem<\/em>\u00a0de William Forsythe,\u00a0<em>M.G for the Movie\u00a0<\/em>de Trisha Brown, <em>Channels inserts<\/em>\u00a0de Merce Cunningham,\u00a0<em>Tabula Rasa<\/em>\u00a0de Ohad Naharin,\u00a0<em>Cendrillon<\/em>\u00a0de Maguy Marin,\u00a0<em>One of a kind, Petite Mort, Un ballo, Heart&rsquo;s labyrinth<\/em>\u00a0de Jiri Kylian,\u00a0<em>Ni fleurs ni ford mustang<\/em>\u00a0de Christian Rizzo, <em>This Part in Darkness\u00a0<\/em>et\u00a0<em>Sarabande <\/em>de Benjamin Millepied&#8230; Il participe \u00e9galement \u00e0 des cr\u00e9ations comme\u00a0<em>Faces <\/em>de\u00a0Maguy Marin ou\u00a0<em>Tout autour\u00a0<\/em>de Rachid Ouramdane.<\/p>\n<p>Danseur freelance depuis 2016, il\u00a0a jou\u00e9\u00a0dans diverses productions\u00a0d&rsquo;artistes\u00a0tel.le.s que\u00a0Romeo Castellucci,\u00a0la compagnie Les Mille Plateaux associ\u00e9s,\u00a0Rachid Ouramdane, Petter Jacobsson et Thomas Caley, Thomas Hauert, Miguel Gutierrez\u00a0et enfin Maud Le Pladec avec qui\u00a0il travaille \u00e9galement comme assistant \u00e0 la chor\u00e9graphie.<\/p>\n<p><a href=\"https:\/\/www.simonfeltz.com\">simonfeltz.com<\/a>[\/vc_column_text][\/vc_column][\/vc_row][\/vc_section]<\/p>\n","protected":false},"excerpt":{"rendered":"<p>[vc_section][vc_row][vc_column][vc_column_text] 2022-2023 Choreographers [\/vc_column_text][\/vc_column][\/vc_row][vc_row][vc_column width=\u00a0\u00bb1\/3&Prime;][vc_column_text]Baptiste Cazaux Supported by L&rsquo;Abri Baptiste Cazaux trained in classical dance in Biarritz, before joining the Ballet Junior de Gen\u00e8ve in 2015 under the direction of Sean Wood and Patrice Delay. There he danced in works by Olivier Dubois, Barak Marshall, Roy Assaf, Sharon Eyal and Thomas Hauert. He now presents [&hellip;]<\/p>\n","protected":false},"author":1,"featured_media":0,"parent":0,"menu_order":0,"comment_status":"closed","ping_status":"closed","template":"","meta":{"footnotes":""},"class_list":["post-251","page","type-page","status-publish","hentry"],"_links":{"self":[{"href":"https:\/\/grand-luxe.org\/index.php\/wp-json\/wp\/v2\/pages\/251","targetHints":{"allow":["GET"]}}],"collection":[{"href":"https:\/\/grand-luxe.org\/index.php\/wp-json\/wp\/v2\/pages"}],"about":[{"href":"https:\/\/grand-luxe.org\/index.php\/wp-json\/wp\/v2\/types\/page"}],"author":[{"embeddable":true,"href":"https:\/\/grand-luxe.org\/index.php\/wp-json\/wp\/v2\/users\/1"}],"replies":[{"embeddable":true,"href":"https:\/\/grand-luxe.org\/index.php\/wp-json\/wp\/v2\/comments?post=251"}],"version-history":[{"count":8,"href":"https:\/\/grand-luxe.org\/index.php\/wp-json\/wp\/v2\/pages\/251\/revisions"}],"predecessor-version":[{"id":598,"href":"https:\/\/grand-luxe.org\/index.php\/wp-json\/wp\/v2\/pages\/251\/revisions\/598"}],"wp:attachment":[{"href":"https:\/\/grand-luxe.org\/index.php\/wp-json\/wp\/v2\/media?parent=251"}],"curies":[{"name":"wp","href":"https:\/\/api.w.org\/{rel}","templated":true}]}}